{"id":37986,"date":"2023-09-26T12:51:34","date_gmt":"2023-09-26T16:51:34","guid":{"rendered":"https:\/\/ucb.edu.bo\/sucre\/?page_id=37986"},"modified":"2026-03-13T20:44:48","modified_gmt":"2026-03-14T00:44:48","slug":"noticias-ucb-sede-sucre","status":"publish","type":"page","link":"https:\/\/ucb.edu.bo\/sucre\/noticias-ucb-sede-sucre\/","title":{"rendered":"Convocatorias UCB Sede Sucre"},"content":{"rendered":"<div class=\"fusion-fullwidth fullwidth-box fusion-builder-row-1 fusion-flex-container has-pattern-background has-mask-background nonhundred-percent-fullwidth non-hundred-percent-height-scrolling\" style=\"--awb-border-radius-top-left:0px;--awb-border-radius-top-right:0px;--awb-border-radius-bottom-right:0px;--awb-border-radius-bottom-left:0px;--awb-flex-wrap:wrap;\" ><div class=\"fusion-builder-row fusion-row fusion-flex-align-items-flex-start fusion-flex-content-wrap\" style=\"max-width:1248px;margin-left: calc(-4% \/ 2 );margin-right: calc(-4% \/ 2 );\"><div class=\"fusion-layout-column fusion_builder_column fusion-builder-column-0 fusion_builder_column_1_1 1_1 fusion-flex-column\" style=\"--awb-bg-size:cover;--awb-width-large:100%;--awb-margin-top-large:0px;--awb-spacing-right-large:1.92%;--awb-margin-bottom-large:20px;--awb-spacing-left-large:1.92%;--awb-width-medium:100%;--awb-order-medium:0;--awb-spacing-right-medium:1.92%;--awb-spacing-left-medium:1.92%;--awb-width-small:100%;--awb-order-small:0;--awb-spacing-right-small:1.92%;--awb-spacing-left-small:1.92%;\"><div class=\"fusion-column-wrapper fusion-column-has-shadow fusion-flex-justify-content-flex-start fusion-content-layout-column\"><div class=\"fusion-title title fusion-title-1 fusion-sep-none fusion-title-center fusion-title-text fusion-title-size-one\" style=\"--awb-text-color:#003a6d;--awb-font-size:25px;\"><h1 class=\"fusion-title-heading title-heading-center\" style=\"margin:0;font-size:1em;text-transform:uppercase;\"><span style=\"color: #ffcc00;\"><strong>\u2022\u2022<\/strong><\/span> Todas las convocatorias Sede Sucre <span style=\"color: #ffcc00;\"><strong>\u2022<\/strong><\/span><span style=\"color: #ffcc00;\"><strong>\u2022<\/strong><\/span><\/h1><\/div><div class=\"fusion-blog-shortcode fusion-blog-shortcode-1 fusion-blog-archive fusion-blog-layout-grid-wrapper fusion-blog-pagination\" style=\"margin-top:16px;--awb-title-font-size:20px;\"><style type=\"text\/css\">.fusion-blog-shortcode-1 .fusion-blog-layout-grid .fusion-post-grid{padding:20px;}.fusion-blog-shortcode-1 .fusion-posts-container{margin-left: -20px !important; margin-right:-20px !important;}<\/style><div class=\"fusion-posts-container fusion-posts-container-pagination fusion-no-meta-info fusion-blog-rollover fusion-blog-layout-grid fusion-blog-layout-grid-4 isotope fusion-blog-equal-heights\" data-pages=\"30\" data-grid-col-space=\"40\" style=\"margin: -20px -20px 0;min-height:500px;\"><article id=\"blog-1-post-40632\" class=\"fusion-post-grid post-40632 post type-post status-publish format-standard hentry category-convocatorias\">\n<div class=\"fusion-post-wrapper\" style=\"background-color:rgba(255,255,255,0);border:1px solid var(--awb-color2);border-bottom-width:3px;\">\n\n<div class=\"fusion-post-content-wrapper\" style=\"padding:20px 5px 5px 10px;\"><div class=\"fusion-post-content post-content\"><h3 class=\"blog-shortcode-post-title entry-title\"><a href=\"https:\/\/ucb.edu.bo\/sucre\/convocatoria-por-cotizacion-adquisicion-de-mecheros-para-los-laboratorios-de-la-carrera-de-medicina-de-la-universidad-catolica-boliviana-san-pablo-sede-la-plata-2\/\">ADQUISICI\u00d3N DE TINTAS PARA IMPRESORAS, DE LA UNIVERSIDAD CAT\u00d3LICA BOLIVIANA \u201cSAN PABLO\u201d \u2013 SEDE LA PLATA<\/a><\/h3><\/div><\/div><div class=\"fusion-clearfix\"><\/div><\/div>\n<\/article>\n<article id=\"blog-1-post-40627\" class=\"fusion-post-grid post-40627 post type-post status-publish format-standard hentry category-convocatorias\">\n<div class=\"fusion-post-wrapper\" style=\"background-color:rgba(255,255,255,0);border:1px solid var(--awb-color2);border-bottom-width:3px;\">\n\n<div class=\"fusion-post-content-wrapper\" style=\"padding:20px 5px 5px 10px;\"><div class=\"fusion-post-content post-content\"><h3 class=\"blog-shortcode-post-title entry-title\"><a href=\"https:\/\/ucb.edu.bo\/sucre\/convocatoria-por-cotizacion-adquisicion-de-mecheros-para-los-laboratorios-de-la-carrera-de-medicina-de-la-universidad-catolica-boliviana-san-pablo-sede-la-plata\/\">CONVOCATORIA POR COTIZACI\u00d3N  \u201cADQUISICI\u00d3N DE MECHEROS PARA LOS LABORATORIOS DE LA CARRERA DE MEDICINA DE LA UNIVERSIDAD CAT\u00d3LICA BOLIVIANA \u201cSAN PABLO\u201d \u2013 SEDE LA PLATA.\u201d<\/a><\/h3><\/div><\/div><div class=\"fusion-clearfix\"><\/div><\/div>\n<\/article>\n<article id=\"blog-1-post-40618\" class=\"fusion-post-grid post-40618 post type-post status-publish format-standard has-post-thumbnail hentry category-convocatorias\">\n<div class=\"fusion-post-wrapper\" style=\"background-color:rgba(255,255,255,0);border:1px solid var(--awb-color2);border-bottom-width:3px;\">\n\n\t\t\t<div class=\"fusion-flexslider flexslider fusion-flexslider-loading fusion-post-slideshow\" style=\"border-color:var(--awb-color2);\">\n\t\t<ul class=\"slides\">\n\t\t\t\n\t\t\t\t\t\t\t\t\t\t\t\t\t\t<li><div  class=\"fusion-image-wrapper\" aria-haspopup=\"true\">\n\t\t\t\t<img decoding=\"async\" width=\"2560\" height=\"2146\" src=\"https:\/\/ucb.edu.bo\/sucre\/wp-content\/uploads\/2026\/08\/convocatorias-1-1-scaled.png\" class=\"attachment-full size-full lazyload wp-post-image\" alt=\"\" srcset=\"data:image\/svg+xml,%3Csvg%20xmlns%3D%27http%3A%2F%2Fwww.w3.org%2F2000%2Fsvg%27%20width%3D%272560%27%20height%3D%272146%27%20viewBox%3D%270%200%202560%202146%27%3E%3Crect%20width%3D%272560%27%20height%3D%272146%27%20fill-opacity%3D%220%22%2F%3E%3C%2Fsvg%3E\" data-orig-src=\"https:\/\/ucb.edu.bo\/sucre\/wp-content\/uploads\/2026\/08\/convocatorias-1-1-scaled.png\" data-srcset=\"https:\/\/ucb.edu.bo\/sucre\/wp-content\/uploads\/2026\/08\/convocatorias-1-1-200x168.png 200w, https:\/\/ucb.edu.bo\/sucre\/wp-content\/uploads\/2026\/08\/convocatorias-1-1-400x335.png 400w, https:\/\/ucb.edu.bo\/sucre\/wp-content\/uploads\/2026\/08\/convocatorias-1-1-600x503.png 600w, https:\/\/ucb.edu.bo\/sucre\/wp-content\/uploads\/2026\/08\/convocatorias-1-1-800x671.png 800w, https:\/\/ucb.edu.bo\/sucre\/wp-content\/uploads\/2026\/08\/convocatorias-1-1-1200x1006.png 1200w, https:\/\/ucb.edu.bo\/sucre\/wp-content\/uploads\/2026\/08\/convocatorias-1-1-scaled.png 2560w\" data-sizes=\"auto\" \/><div class=\"fusion-rollover\">\n\t<div class=\"fusion-rollover-content\">\n\n\t\t\t\t\t\t\t\t\t\t\t\t\t\t<a class=\"fusion-rollover-link\" href=\"https:\/\/ucb.edu.bo\/sucre\/contratacion-del-servicio-de-mesa-de-lunch-para-200-personas-para-la-universidad-catolica-boliviana-san-pablo-sede-la-plata-sucre\/\">https:\/\/ucb.edu.bo\/sucre\/contratacion-del-servicio-de-mesa-de-lunch-para-200-personas-para-la-universidad-catolica-boliviana-san-pablo-sede-la-plata-sucre\/<\/a>\n\t\t\t\n\t\t\t\t\t\t\t\t\n\t\t\n\t\t\t\t\t\t\t\t\t\t\t\t<h4 class=\"fusion-rollover-title\">\n\t\t\t\t\t<a class=\"fusion-rollover-title-link\" href=\"https:\/\/ucb.edu.bo\/sucre\/contratacion-del-servicio-de-mesa-de-lunch-para-200-personas-para-la-universidad-catolica-boliviana-san-pablo-sede-la-plata-sucre\/\">\n\t\t\t\t\t\tCONTRATACI\u00d3N DEL SERVICIO DE MESA DE LUNCH PARA 200 PERSONAS, PARA LA UNIVERSIDAD CAT\u00d3LICA BOLIVIANA \u00abSAN PABLO\u00bb SEDE LA PLATA \u2013 SUCRE.\t\t\t\t\t<\/a>\n\t\t\t\t<\/h4>\n\t\t\t\n\t\t\t\t\t\t\t\t\n\t\t\n\t\t\t\t\t\t<a class=\"fusion-link-wrapper\" href=\"https:\/\/ucb.edu.bo\/sucre\/contratacion-del-servicio-de-mesa-de-lunch-para-200-personas-para-la-universidad-catolica-boliviana-san-pablo-sede-la-plata-sucre\/\" aria-label=\"CONTRATACI\u00d3N DEL SERVICIO DE MESA DE LUNCH PARA 200 PERSONAS, PARA LA UNIVERSIDAD CAT\u00d3LICA BOLIVIANA \u00abSAN PABLO\u00bb SEDE LA PLATA \u2013 SUCRE.\"><\/a>\n\t<\/div>\n<\/div>\n<\/div>\n<\/li>\n\t\t\t\n\t\t\t\n\t\t\t\t\t\t\t\t\t\t\t\t\t\t\t\t\t\t\t\t\t\t\t\t\t\t\t\t\t\t\t\t\t\t\t\t\t\t\t\t\t\t\t\t\t\t\t\t\t\t\t\t\t\t\t\t\t\t\t\t\t\t\t\t\t\t\t\t<\/ul>\n\t<\/div>\n\t<div class=\"fusion-post-content-wrapper\" style=\"padding:20px 5px 5px 10px;\"><div class=\"fusion-post-content post-content\"><h3 class=\"blog-shortcode-post-title entry-title\"><a href=\"https:\/\/ucb.edu.bo\/sucre\/contratacion-del-servicio-de-mesa-de-lunch-para-200-personas-para-la-universidad-catolica-boliviana-san-pablo-sede-la-plata-sucre\/\">CONTRATACI\u00d3N DEL SERVICIO DE MESA DE LUNCH PARA 200 PERSONAS, PARA LA UNIVERSIDAD CAT\u00d3LICA BOLIVIANA \u00abSAN PABLO\u00bb SEDE LA PLATA \u2013 SUCRE.<\/a><\/h3><\/div><\/div><div class=\"fusion-clearfix\"><\/div><\/div>\n<\/article>\n<article id=\"blog-1-post-40612\" class=\"fusion-post-grid post-40612 post type-post status-publish format-standard has-post-thumbnail hentry category-convocatorias\">\n<div class=\"fusion-post-wrapper\" style=\"background-color:rgba(255,255,255,0);border:1px solid var(--awb-color2);border-bottom-width:3px;\">\n\n\t\t\t<div class=\"fusion-flexslider flexslider fusion-flexslider-loading fusion-post-slideshow\" style=\"border-color:var(--awb-color2);\">\n\t\t<ul class=\"slides\">\n\t\t\t\n\t\t\t\t\t\t\t\t\t\t\t\t\t\t<li><div  class=\"fusion-image-wrapper\" aria-haspopup=\"true\">\n\t\t\t\t<img decoding=\"async\" width=\"2560\" height=\"2146\" src=\"https:\/\/ucb.edu.bo\/sucre\/wp-content\/uploads\/2026\/08\/convocatorias-2-1-scaled.png\" class=\"attachment-full size-full lazyload wp-post-image\" alt=\"\" srcset=\"data:image\/svg+xml,%3Csvg%20xmlns%3D%27http%3A%2F%2Fwww.w3.org%2F2000%2Fsvg%27%20width%3D%272560%27%20height%3D%272146%27%20viewBox%3D%270%200%202560%202146%27%3E%3Crect%20width%3D%272560%27%20height%3D%272146%27%20fill-opacity%3D%220%22%2F%3E%3C%2Fsvg%3E\" data-orig-src=\"https:\/\/ucb.edu.bo\/sucre\/wp-content\/uploads\/2026\/08\/convocatorias-2-1-scaled.png\" data-srcset=\"https:\/\/ucb.edu.bo\/sucre\/wp-content\/uploads\/2026\/08\/convocatorias-2-1-200x168.png 200w, https:\/\/ucb.edu.bo\/sucre\/wp-content\/uploads\/2026\/08\/convocatorias-2-1-400x335.png 400w, https:\/\/ucb.edu.bo\/sucre\/wp-content\/uploads\/2026\/08\/convocatorias-2-1-600x503.png 600w, https:\/\/ucb.edu.bo\/sucre\/wp-content\/uploads\/2026\/08\/convocatorias-2-1-800x671.png 800w, https:\/\/ucb.edu.bo\/sucre\/wp-content\/uploads\/2026\/08\/convocatorias-2-1-1200x1006.png 1200w, https:\/\/ucb.edu.bo\/sucre\/wp-content\/uploads\/2026\/08\/convocatorias-2-1-scaled.png 2560w\" data-sizes=\"auto\" \/><div class=\"fusion-rollover\">\n\t<div class=\"fusion-rollover-content\">\n\n\t\t\t\t\t\t\t\t\t\t\t\t\t\t<a class=\"fusion-rollover-link\" href=\"https:\/\/ucb.edu.bo\/sucre\/adquisicion-de-cajoneria-y-empotrados-en-melamina-para-el-equipamiento-del-bloque-de-laboratorios-de-la-carrera-de-medicina-de-la-universidad-catolica-boliviana-san-pablo-sede-la-plata\/\">https:\/\/ucb.edu.bo\/sucre\/adquisicion-de-cajoneria-y-empotrados-en-melamina-para-el-equipamiento-del-bloque-de-laboratorios-de-la-carrera-de-medicina-de-la-universidad-catolica-boliviana-san-pablo-sede-la-plata\/<\/a>\n\t\t\t\n\t\t\t\t\t\t\t\t\n\t\t\n\t\t\t\t\t\t\t\t\t\t\t\t<h4 class=\"fusion-rollover-title\">\n\t\t\t\t\t<a class=\"fusion-rollover-title-link\" href=\"https:\/\/ucb.edu.bo\/sucre\/adquisicion-de-cajoneria-y-empotrados-en-melamina-para-el-equipamiento-del-bloque-de-laboratorios-de-la-carrera-de-medicina-de-la-universidad-catolica-boliviana-san-pablo-sede-la-plata\/\">\n\t\t\t\t\t\tADQUISICI\u00d3N DE CAJONER\u00cdA Y EMPOTRADOS EN MELAMINA PARA EL EQUIPAMIENTO DEL BLOQUE DE LABORATORIOS DE LA CARRERA DE MEDICINA, DE LA UNIVERSIDAD CAT\u00d3LICA BOLIVIANA \u00abSAN PABLO\u00bb SEDE LA PLATA \u2013 SUCRE.\t\t\t\t\t<\/a>\n\t\t\t\t<\/h4>\n\t\t\t\n\t\t\t\t\t\t\t\t\n\t\t\n\t\t\t\t\t\t<a class=\"fusion-link-wrapper\" href=\"https:\/\/ucb.edu.bo\/sucre\/adquisicion-de-cajoneria-y-empotrados-en-melamina-para-el-equipamiento-del-bloque-de-laboratorios-de-la-carrera-de-medicina-de-la-universidad-catolica-boliviana-san-pablo-sede-la-plata\/\" aria-label=\"ADQUISICI\u00d3N DE CAJONER\u00cdA Y EMPOTRADOS EN MELAMINA PARA EL EQUIPAMIENTO DEL BLOQUE DE LABORATORIOS DE LA CARRERA DE MEDICINA, DE LA UNIVERSIDAD CAT\u00d3LICA BOLIVIANA \u00abSAN PABLO\u00bb SEDE LA PLATA \u2013 SUCRE.\"><\/a>\n\t<\/div>\n<\/div>\n<\/div>\n<\/li>\n\t\t\t\n\t\t\t\n\t\t\t\t\t\t\t\t\t\t\t\t\t\t\t\t\t\t\t\t\t\t\t\t\t\t\t\t\t\t\t\t\t\t\t\t\t\t\t\t\t\t\t\t\t\t\t\t\t\t\t\t\t\t\t\t\t\t\t\t\t\t\t\t\t\t\t\t<\/ul>\n\t<\/div>\n\t<div class=\"fusion-post-content-wrapper\" style=\"padding:20px 5px 5px 10px;\"><div class=\"fusion-post-content post-content\"><h3 class=\"blog-shortcode-post-title entry-title\"><a href=\"https:\/\/ucb.edu.bo\/sucre\/adquisicion-de-cajoneria-y-empotrados-en-melamina-para-el-equipamiento-del-bloque-de-laboratorios-de-la-carrera-de-medicina-de-la-universidad-catolica-boliviana-san-pablo-sede-la-plata\/\">ADQUISICI\u00d3N DE CAJONER\u00cdA Y EMPOTRADOS EN MELAMINA PARA EL EQUIPAMIENTO DEL BLOQUE DE LABORATORIOS DE LA CARRERA DE MEDICINA, DE LA UNIVERSIDAD CAT\u00d3LICA BOLIVIANA \u00abSAN PABLO\u00bb SEDE LA PLATA \u2013 SUCRE.<\/a><\/h3><\/div><\/div><div class=\"fusion-clearfix\"><\/div><\/div>\n<\/article>\n<article id=\"blog-1-post-40601\" class=\"fusion-post-grid post-40601 post type-post status-publish format-standard has-post-thumbnail hentry category-convocatorias\">\n<div class=\"fusion-post-wrapper\" style=\"background-color:rgba(255,255,255,0);border:1px solid var(--awb-color2);border-bottom-width:3px;\">\n\n\t\t\t<div class=\"fusion-flexslider flexslider fusion-flexslider-loading fusion-post-slideshow\" style=\"border-color:var(--awb-color2);\">\n\t\t<ul class=\"slides\">\n\t\t\t\n\t\t\t\t\t\t\t\t\t\t\t\t\t\t<li><div  class=\"fusion-image-wrapper\" aria-haspopup=\"true\">\n\t\t\t\t<img decoding=\"async\" width=\"2560\" height=\"2146\" src=\"https:\/\/ucb.edu.bo\/sucre\/wp-content\/uploads\/2026\/07\/convocatorias-2-scaled.png\" class=\"attachment-full size-full lazyload wp-post-image\" alt=\"\" srcset=\"data:image\/svg+xml,%3Csvg%20xmlns%3D%27http%3A%2F%2Fwww.w3.org%2F2000%2Fsvg%27%20width%3D%272560%27%20height%3D%272146%27%20viewBox%3D%270%200%202560%202146%27%3E%3Crect%20width%3D%272560%27%20height%3D%272146%27%20fill-opacity%3D%220%22%2F%3E%3C%2Fsvg%3E\" data-orig-src=\"https:\/\/ucb.edu.bo\/sucre\/wp-content\/uploads\/2026\/07\/convocatorias-2-scaled.png\" data-srcset=\"https:\/\/ucb.edu.bo\/sucre\/wp-content\/uploads\/2026\/07\/convocatorias-2-200x168.png 200w, https:\/\/ucb.edu.bo\/sucre\/wp-content\/uploads\/2026\/07\/convocatorias-2-400x335.png 400w, https:\/\/ucb.edu.bo\/sucre\/wp-content\/uploads\/2026\/07\/convocatorias-2-600x503.png 600w, https:\/\/ucb.edu.bo\/sucre\/wp-content\/uploads\/2026\/07\/convocatorias-2-800x671.png 800w, https:\/\/ucb.edu.bo\/sucre\/wp-content\/uploads\/2026\/07\/convocatorias-2-1200x1006.png 1200w, https:\/\/ucb.edu.bo\/sucre\/wp-content\/uploads\/2026\/07\/convocatorias-2-scaled.png 2560w\" data-sizes=\"auto\" \/><div class=\"fusion-rollover\">\n\t<div class=\"fusion-rollover-content\">\n\n\t\t\t\t\t\t\t\t\t\t\t\t\t\t<a class=\"fusion-rollover-link\" href=\"https:\/\/ucb.edu.bo\/sucre\/contratacion-asistente-de-postgrado-para-la-sede-academica-la-plata-sucre\/\">https:\/\/ucb.edu.bo\/sucre\/contratacion-asistente-de-postgrado-para-la-sede-academica-la-plata-sucre\/<\/a>\n\t\t\t\n\t\t\t\t\t\t\t\t\n\t\t\n\t\t\t\t\t\t\t\t\t\t\t\t<h4 class=\"fusion-rollover-title\">\n\t\t\t\t\t<a class=\"fusion-rollover-title-link\" href=\"https:\/\/ucb.edu.bo\/sucre\/contratacion-asistente-de-postgrado-para-la-sede-academica-la-plata-sucre\/\">\n\t\t\t\t\t\tCONTRATACI\u00d3N ASISTENTE DE POSTGRADO PARA LA SEDE ACAD\u00c9MICA LA PLATA &#8211;  SUCRE.\t\t\t\t\t<\/a>\n\t\t\t\t<\/h4>\n\t\t\t\n\t\t\t\t\t\t\t\t\n\t\t\n\t\t\t\t\t\t<a class=\"fusion-link-wrapper\" href=\"https:\/\/ucb.edu.bo\/sucre\/contratacion-asistente-de-postgrado-para-la-sede-academica-la-plata-sucre\/\" aria-label=\"CONTRATACI\u00d3N ASISTENTE DE POSTGRADO PARA LA SEDE ACAD\u00c9MICA LA PLATA &#8211;  SUCRE.\"><\/a>\n\t<\/div>\n<\/div>\n<\/div>\n<\/li>\n\t\t\t\n\t\t\t\n\t\t\t\t\t\t\t\t\t\t\t\t\t\t\t\t\t\t\t\t\t\t\t\t\t\t\t\t\t\t\t\t\t\t\t\t\t\t\t\t\t\t\t\t\t\t\t\t\t\t\t\t\t\t\t\t\t\t\t\t\t\t\t\t\t\t\t\t<\/ul>\n\t<\/div>\n\t<div class=\"fusion-post-content-wrapper\" style=\"padding:20px 5px 5px 10px;\"><div class=\"fusion-post-content post-content\"><h3 class=\"blog-shortcode-post-title entry-title\"><a href=\"https:\/\/ucb.edu.bo\/sucre\/contratacion-asistente-de-postgrado-para-la-sede-academica-la-plata-sucre\/\">CONTRATACI\u00d3N ASISTENTE DE POSTGRADO PARA LA SEDE ACAD\u00c9MICA LA PLATA &#8211;  SUCRE.<\/a><\/h3><\/div><\/div><div class=\"fusion-clearfix\"><\/div><\/div>\n<\/article>\n<article id=\"blog-1-post-40597\" class=\"fusion-post-grid post-40597 post type-post status-publish format-standard has-post-thumbnail hentry category-convocatorias\">\n<div class=\"fusion-post-wrapper\" style=\"background-color:rgba(255,255,255,0);border:1px solid var(--awb-color2);border-bottom-width:3px;\">\n\n\t\t\t<div class=\"fusion-flexslider flexslider fusion-flexslider-loading fusion-post-slideshow\" style=\"border-color:var(--awb-color2);\">\n\t\t<ul class=\"slides\">\n\t\t\t\n\t\t\t\t\t\t\t\t\t\t\t\t\t\t<li><div  class=\"fusion-image-wrapper\" aria-haspopup=\"true\">\n\t\t\t\t<img decoding=\"async\" width=\"2560\" height=\"2146\" src=\"https:\/\/ucb.edu.bo\/sucre\/wp-content\/uploads\/2026\/07\/convocatorias-scaled.png\" class=\"attachment-full size-full lazyload wp-post-image\" alt=\"\" srcset=\"data:image\/svg+xml,%3Csvg%20xmlns%3D%27http%3A%2F%2Fwww.w3.org%2F2000%2Fsvg%27%20width%3D%272560%27%20height%3D%272146%27%20viewBox%3D%270%200%202560%202146%27%3E%3Crect%20width%3D%272560%27%20height%3D%272146%27%20fill-opacity%3D%220%22%2F%3E%3C%2Fsvg%3E\" data-orig-src=\"https:\/\/ucb.edu.bo\/sucre\/wp-content\/uploads\/2026\/07\/convocatorias-scaled.png\" data-srcset=\"https:\/\/ucb.edu.bo\/sucre\/wp-content\/uploads\/2026\/07\/convocatorias-200x168.png 200w, https:\/\/ucb.edu.bo\/sucre\/wp-content\/uploads\/2026\/07\/convocatorias-400x335.png 400w, https:\/\/ucb.edu.bo\/sucre\/wp-content\/uploads\/2026\/07\/convocatorias-600x503.png 600w, https:\/\/ucb.edu.bo\/sucre\/wp-content\/uploads\/2026\/07\/convocatorias-800x671.png 800w, https:\/\/ucb.edu.bo\/sucre\/wp-content\/uploads\/2026\/07\/convocatorias-1200x1006.png 1200w, https:\/\/ucb.edu.bo\/sucre\/wp-content\/uploads\/2026\/07\/convocatorias-scaled.png 2560w\" data-sizes=\"auto\" \/><div class=\"fusion-rollover\">\n\t<div class=\"fusion-rollover-content\">\n\n\t\t\t\t\t\t\t\t\t\t\t\t\t\t<a class=\"fusion-rollover-link\" href=\"https:\/\/ucb.edu.bo\/sucre\/adquisicion-de-sillas-altas-giratorias-para-el-aula-del-bloque-charcas-de-la-universidad-catolica-boliviana-san-pablo-sede-la-plata-sucre\/\">https:\/\/ucb.edu.bo\/sucre\/adquisicion-de-sillas-altas-giratorias-para-el-aula-del-bloque-charcas-de-la-universidad-catolica-boliviana-san-pablo-sede-la-plata-sucre\/<\/a>\n\t\t\t\n\t\t\t\t\t\t\t\t\n\t\t\n\t\t\t\t\t\t\t\t\t\t\t\t<h4 class=\"fusion-rollover-title\">\n\t\t\t\t\t<a class=\"fusion-rollover-title-link\" href=\"https:\/\/ucb.edu.bo\/sucre\/adquisicion-de-sillas-altas-giratorias-para-el-aula-del-bloque-charcas-de-la-universidad-catolica-boliviana-san-pablo-sede-la-plata-sucre\/\">\n\t\t\t\t\t\tADQUISICI\u00d3N DE SILLAS ALTAS GIRATORIAS PARA EL AULA DEL BLOQUE CHARCAS DE LA UNIVERSIDAD CAT\u00d3LICA BOLIVIANA \u00abSAN PABLO\u00bb SEDE LA  PLATA \u2013 SUCRE.\t\t\t\t\t<\/a>\n\t\t\t\t<\/h4>\n\t\t\t\n\t\t\t\t\t\t\t\t\n\t\t\n\t\t\t\t\t\t<a class=\"fusion-link-wrapper\" href=\"https:\/\/ucb.edu.bo\/sucre\/adquisicion-de-sillas-altas-giratorias-para-el-aula-del-bloque-charcas-de-la-universidad-catolica-boliviana-san-pablo-sede-la-plata-sucre\/\" aria-label=\"ADQUISICI\u00d3N DE SILLAS ALTAS GIRATORIAS PARA EL AULA DEL BLOQUE CHARCAS DE LA UNIVERSIDAD CAT\u00d3LICA BOLIVIANA \u00abSAN PABLO\u00bb SEDE LA  PLATA \u2013 SUCRE.\"><\/a>\n\t<\/div>\n<\/div>\n<\/div>\n<\/li>\n\t\t\t\n\t\t\t\n\t\t\t\t\t\t\t\t\t\t\t\t\t\t\t\t\t\t\t\t\t\t\t\t\t\t\t\t\t\t\t\t\t\t\t\t\t\t\t\t\t\t\t\t\t\t\t\t\t\t\t\t\t\t\t\t\t\t\t\t\t\t\t\t\t\t\t\t<\/ul>\n\t<\/div>\n\t<div class=\"fusion-post-content-wrapper\" style=\"padding:20px 5px 5px 10px;\"><div class=\"fusion-post-content post-content\"><h3 class=\"blog-shortcode-post-title entry-title\"><a href=\"https:\/\/ucb.edu.bo\/sucre\/adquisicion-de-sillas-altas-giratorias-para-el-aula-del-bloque-charcas-de-la-universidad-catolica-boliviana-san-pablo-sede-la-plata-sucre\/\">ADQUISICI\u00d3N DE SILLAS ALTAS GIRATORIAS PARA EL AULA DEL BLOQUE CHARCAS DE LA UNIVERSIDAD CAT\u00d3LICA BOLIVIANA \u00abSAN PABLO\u00bb SEDE LA  PLATA \u2013 SUCRE.<\/a><\/h3><\/div><\/div><div class=\"fusion-clearfix\"><\/div><\/div>\n<\/article>\n<article id=\"blog-1-post-40592\" class=\"fusion-post-grid post-40592 post type-post status-publish format-standard has-post-thumbnail hentry category-convocatorias\">\n<div class=\"fusion-post-wrapper\" style=\"background-color:rgba(255,255,255,0);border:1px solid var(--awb-color2);border-bottom-width:3px;\">\n\n\t\t\t<div class=\"fusion-flexslider flexslider fusion-flexslider-loading fusion-post-slideshow\" style=\"border-color:var(--awb-color2);\">\n\t\t<ul class=\"slides\">\n\t\t\t\n\t\t\t\t\t\t\t\t\t\t\t\t\t\t<li><div  class=\"fusion-image-wrapper\" aria-haspopup=\"true\">\n\t\t\t\t<img decoding=\"async\" width=\"2560\" height=\"2146\" src=\"https:\/\/ucb.edu.bo\/sucre\/wp-content\/uploads\/2026\/07\/2-4-scaled.png\" class=\"attachment-full size-full lazyload wp-post-image\" alt=\"\" srcset=\"data:image\/svg+xml,%3Csvg%20xmlns%3D%27http%3A%2F%2Fwww.w3.org%2F2000%2Fsvg%27%20width%3D%272560%27%20height%3D%272146%27%20viewBox%3D%270%200%202560%202146%27%3E%3Crect%20width%3D%272560%27%20height%3D%272146%27%20fill-opacity%3D%220%22%2F%3E%3C%2Fsvg%3E\" data-orig-src=\"https:\/\/ucb.edu.bo\/sucre\/wp-content\/uploads\/2026\/07\/2-4-scaled.png\" data-srcset=\"https:\/\/ucb.edu.bo\/sucre\/wp-content\/uploads\/2026\/07\/2-4-200x168.png 200w, https:\/\/ucb.edu.bo\/sucre\/wp-content\/uploads\/2026\/07\/2-4-400x335.png 400w, https:\/\/ucb.edu.bo\/sucre\/wp-content\/uploads\/2026\/07\/2-4-600x503.png 600w, https:\/\/ucb.edu.bo\/sucre\/wp-content\/uploads\/2026\/07\/2-4-800x671.png 800w, https:\/\/ucb.edu.bo\/sucre\/wp-content\/uploads\/2026\/07\/2-4-1200x1006.png 1200w, https:\/\/ucb.edu.bo\/sucre\/wp-content\/uploads\/2026\/07\/2-4-scaled.png 2560w\" data-sizes=\"auto\" \/><div class=\"fusion-rollover\">\n\t<div class=\"fusion-rollover-content\">\n\n\t\t\t\t\t\t\t\t\t\t\t\t\t\t<a class=\"fusion-rollover-link\" href=\"https:\/\/ucb.edu.bo\/sucre\/contratacion-del-servicio-de-adecuacion-y-mantenimiento-de-la-oficina-de-marketing-de-la-universidad-catolica-boliviana-sede-la-plata-sucre\/\">https:\/\/ucb.edu.bo\/sucre\/contratacion-del-servicio-de-adecuacion-y-mantenimiento-de-la-oficina-de-marketing-de-la-universidad-catolica-boliviana-sede-la-plata-sucre\/<\/a>\n\t\t\t\n\t\t\t\t\t\t\t\t\n\t\t\n\t\t\t\t\t\t\t\t\t\t\t\t<h4 class=\"fusion-rollover-title\">\n\t\t\t\t\t<a class=\"fusion-rollover-title-link\" href=\"https:\/\/ucb.edu.bo\/sucre\/contratacion-del-servicio-de-adecuacion-y-mantenimiento-de-la-oficina-de-marketing-de-la-universidad-catolica-boliviana-sede-la-plata-sucre\/\">\n\t\t\t\t\t\tADQUISICI\u00d3N DE ESTANTES MET\u00c1LICOS TIPO MECANO, PARA LA SEDE ACAD\u00c9MICA UCB  LA PLATA \u2013 SUCRE.\t\t\t\t\t<\/a>\n\t\t\t\t<\/h4>\n\t\t\t\n\t\t\t\t\t\t\t\t\n\t\t\n\t\t\t\t\t\t<a class=\"fusion-link-wrapper\" href=\"https:\/\/ucb.edu.bo\/sucre\/contratacion-del-servicio-de-adecuacion-y-mantenimiento-de-la-oficina-de-marketing-de-la-universidad-catolica-boliviana-sede-la-plata-sucre\/\" aria-label=\"ADQUISICI\u00d3N DE ESTANTES MET\u00c1LICOS TIPO MECANO, PARA LA SEDE ACAD\u00c9MICA UCB  LA PLATA \u2013 SUCRE.\"><\/a>\n\t<\/div>\n<\/div>\n<\/div>\n<\/li>\n\t\t\t\n\t\t\t\n\t\t\t\t\t\t\t\t\t\t\t\t\t\t\t\t\t\t\t\t\t\t\t\t\t\t\t\t\t\t\t\t\t\t\t\t\t\t\t\t\t\t\t\t\t\t\t\t\t\t\t\t\t\t\t\t\t\t\t\t\t\t\t\t\t\t\t\t<\/ul>\n\t<\/div>\n\t<div class=\"fusion-post-content-wrapper\" style=\"padding:20px 5px 5px 10px;\"><div class=\"fusion-post-content post-content\"><h3 class=\"blog-shortcode-post-title entry-title\"><a href=\"https:\/\/ucb.edu.bo\/sucre\/adquisicion-de-estantes-metalicos-tipo-mecano-para-la-sede-academica-ucb-la-plata-sucre\/\">ADQUISICI\u00d3N DE ESTANTES MET\u00c1LICOS TIPO MECANO, PARA LA SEDE ACAD\u00c9MICA UCB  LA PLATA \u2013 SUCRE.<\/a><\/h3><\/div><\/div><div class=\"fusion-clearfix\"><\/div><\/div>\n<\/article>\n<article id=\"blog-1-post-40585\" class=\"fusion-post-grid post-40585 post type-post status-publish format-standard has-post-thumbnail hentry category-convocatorias\">\n<div class=\"fusion-post-wrapper\" style=\"background-color:rgba(255,255,255,0);border:1px solid var(--awb-color2);border-bottom-width:3px;\">\n\n\t\t\t<div class=\"fusion-flexslider flexslider fusion-flexslider-loading fusion-post-slideshow\" style=\"border-color:var(--awb-color2);\">\n\t\t<ul class=\"slides\">\n\t\t\t\n\t\t\t\t\t\t\t\t\t\t\t\t\t\t<li><div  class=\"fusion-image-wrapper\" aria-haspopup=\"true\">\n\t\t\t\t<img decoding=\"async\" width=\"2560\" height=\"2146\" src=\"https:\/\/ucb.edu.bo\/sucre\/wp-content\/uploads\/2026\/07\/2-4-scaled.png\" class=\"attachment-full size-full lazyload wp-post-image\" alt=\"\" srcset=\"data:image\/svg+xml,%3Csvg%20xmlns%3D%27http%3A%2F%2Fwww.w3.org%2F2000%2Fsvg%27%20width%3D%272560%27%20height%3D%272146%27%20viewBox%3D%270%200%202560%202146%27%3E%3Crect%20width%3D%272560%27%20height%3D%272146%27%20fill-opacity%3D%220%22%2F%3E%3C%2Fsvg%3E\" data-orig-src=\"https:\/\/ucb.edu.bo\/sucre\/wp-content\/uploads\/2026\/07\/2-4-scaled.png\" data-srcset=\"https:\/\/ucb.edu.bo\/sucre\/wp-content\/uploads\/2026\/07\/2-4-200x168.png 200w, https:\/\/ucb.edu.bo\/sucre\/wp-content\/uploads\/2026\/07\/2-4-400x335.png 400w, https:\/\/ucb.edu.bo\/sucre\/wp-content\/uploads\/2026\/07\/2-4-600x503.png 600w, https:\/\/ucb.edu.bo\/sucre\/wp-content\/uploads\/2026\/07\/2-4-800x671.png 800w, https:\/\/ucb.edu.bo\/sucre\/wp-content\/uploads\/2026\/07\/2-4-1200x1006.png 1200w, https:\/\/ucb.edu.bo\/sucre\/wp-content\/uploads\/2026\/07\/2-4-scaled.png 2560w\" data-sizes=\"auto\" \/><div class=\"fusion-rollover\">\n\t<div class=\"fusion-rollover-content\">\n\n\t\t\t\t\t\t\t\t\t\t\t\t\t\t<a class=\"fusion-rollover-link\" href=\"https:\/\/ucb.edu.bo\/sucre\/contratacion-del-servicio-de-adecuacion-y-mantenimiento-de-la-oficina-de-marketing-de-la-universidad-catolica-boliviana-sede-la-plata-sucre\/\">https:\/\/ucb.edu.bo\/sucre\/contratacion-del-servicio-de-adecuacion-y-mantenimiento-de-la-oficina-de-marketing-de-la-universidad-catolica-boliviana-sede-la-plata-sucre\/<\/a>\n\t\t\t\n\t\t\t\t\t\t\t\t\n\t\t\n\t\t\t\t\t\t\t\t\t\t\t\t<h4 class=\"fusion-rollover-title\">\n\t\t\t\t\t<a class=\"fusion-rollover-title-link\" href=\"https:\/\/ucb.edu.bo\/sucre\/contratacion-del-servicio-de-adecuacion-y-mantenimiento-de-la-oficina-de-marketing-de-la-universidad-catolica-boliviana-sede-la-plata-sucre\/\">\n\t\t\t\t\t\tCONTRATACI\u00d3N DEL SERVICIO DE ADECUACI\u00d3N Y MANTENIMIENTO DE LA OFICINA DE MARKETING, DE LA UNIVERSIDAD CAT\u00d3LICA BOLIVIANA SEDE LA PLATA \u2013 SUCRE.\t\t\t\t\t<\/a>\n\t\t\t\t<\/h4>\n\t\t\t\n\t\t\t\t\t\t\t\t\n\t\t\n\t\t\t\t\t\t<a class=\"fusion-link-wrapper\" href=\"https:\/\/ucb.edu.bo\/sucre\/contratacion-del-servicio-de-adecuacion-y-mantenimiento-de-la-oficina-de-marketing-de-la-universidad-catolica-boliviana-sede-la-plata-sucre\/\" aria-label=\"CONTRATACI\u00d3N DEL SERVICIO DE ADECUACI\u00d3N Y MANTENIMIENTO DE LA OFICINA DE MARKETING, DE LA UNIVERSIDAD CAT\u00d3LICA BOLIVIANA SEDE LA PLATA \u2013 SUCRE.\"><\/a>\n\t<\/div>\n<\/div>\n<\/div>\n<\/li>\n\t\t\t\n\t\t\t\n\t\t\t\t\t\t\t\t\t\t\t\t\t\t\t\t\t\t\t\t\t\t\t\t\t\t\t\t\t\t\t\t\t\t\t\t\t\t\t\t\t\t\t\t\t\t\t\t\t\t\t\t\t\t\t\t\t\t\t\t\t\t\t\t\t\t\t\t<\/ul>\n\t<\/div>\n\t<div class=\"fusion-post-content-wrapper\" style=\"padding:20px 5px 5px 10px;\"><div class=\"fusion-post-content post-content\"><h3 class=\"blog-shortcode-post-title entry-title\"><a href=\"https:\/\/ucb.edu.bo\/sucre\/contratacion-del-servicio-de-adecuacion-y-mantenimiento-de-la-oficina-de-marketing-de-la-universidad-catolica-boliviana-sede-la-plata-sucre\/\">CONTRATACI\u00d3N DEL SERVICIO DE ADECUACI\u00d3N Y MANTENIMIENTO DE LA OFICINA DE MARKETING, DE LA UNIVERSIDAD CAT\u00d3LICA BOLIVIANA SEDE LA PLATA \u2013 SUCRE.<\/a><\/h3><\/div><\/div><div class=\"fusion-clearfix\"><\/div><\/div>\n<\/article>\n<article id=\"blog-1-post-40576\" class=\"fusion-post-grid post-40576 post type-post status-publish format-standard has-post-thumbnail hentry category-convocatorias\">\n<div class=\"fusion-post-wrapper\" style=\"background-color:rgba(255,255,255,0);border:1px solid var(--awb-color2);border-bottom-width:3px;\">\n\n\t\t\t<div class=\"fusion-flexslider flexslider fusion-flexslider-loading fusion-post-slideshow\" style=\"border-color:var(--awb-color2);\">\n\t\t<ul class=\"slides\">\n\t\t\t\n\t\t\t\t\t\t\t\t\t\t\t\t\t\t<li><div  class=\"fusion-image-wrapper\" aria-haspopup=\"true\">\n\t\t\t\t<img decoding=\"async\" width=\"2560\" height=\"2146\" src=\"https:\/\/ucb.edu.bo\/sucre\/wp-content\/uploads\/2026\/07\/1-4-scaled.png\" class=\"attachment-full size-full lazyload wp-post-image\" alt=\"\" srcset=\"data:image\/svg+xml,%3Csvg%20xmlns%3D%27http%3A%2F%2Fwww.w3.org%2F2000%2Fsvg%27%20width%3D%272560%27%20height%3D%272146%27%20viewBox%3D%270%200%202560%202146%27%3E%3Crect%20width%3D%272560%27%20height%3D%272146%27%20fill-opacity%3D%220%22%2F%3E%3C%2Fsvg%3E\" data-orig-src=\"https:\/\/ucb.edu.bo\/sucre\/wp-content\/uploads\/2026\/07\/1-4-scaled.png\" data-srcset=\"https:\/\/ucb.edu.bo\/sucre\/wp-content\/uploads\/2026\/07\/1-4-200x168.png 200w, https:\/\/ucb.edu.bo\/sucre\/wp-content\/uploads\/2026\/07\/1-4-400x335.png 400w, https:\/\/ucb.edu.bo\/sucre\/wp-content\/uploads\/2026\/07\/1-4-600x503.png 600w, https:\/\/ucb.edu.bo\/sucre\/wp-content\/uploads\/2026\/07\/1-4-800x671.png 800w, https:\/\/ucb.edu.bo\/sucre\/wp-content\/uploads\/2026\/07\/1-4-1200x1006.png 1200w, https:\/\/ucb.edu.bo\/sucre\/wp-content\/uploads\/2026\/07\/1-4-scaled.png 2560w\" data-sizes=\"auto\" \/><div class=\"fusion-rollover\">\n\t<div class=\"fusion-rollover-content\">\n\n\t\t\t\t\t\t\t\t\t\t\t\t\t\t<a class=\"fusion-rollover-link\" href=\"https:\/\/ucb.edu.bo\/sucre\/adquisicion-e-instalacion-de-cortinas-tipo-eclipse-y-visillos-para-ambientes-de-la-universidad-catolica-boliviana-sede-la-plata-sucre\/\">https:\/\/ucb.edu.bo\/sucre\/adquisicion-e-instalacion-de-cortinas-tipo-eclipse-y-visillos-para-ambientes-de-la-universidad-catolica-boliviana-sede-la-plata-sucre\/<\/a>\n\t\t\t\n\t\t\t\t\t\t\t\t\n\t\t\n\t\t\t\t\t\t\t\t\t\t\t\t<h4 class=\"fusion-rollover-title\">\n\t\t\t\t\t<a class=\"fusion-rollover-title-link\" href=\"https:\/\/ucb.edu.bo\/sucre\/adquisicion-e-instalacion-de-cortinas-tipo-eclipse-y-visillos-para-ambientes-de-la-universidad-catolica-boliviana-sede-la-plata-sucre\/\">\n\t\t\t\t\t\tADQUISICI\u00d3N E INSTALACI\u00d3N DE CORTINAS TIPO ECLIPSE Y VISILLOS PARA AMBIENTES  DE LA UNIVERSIDAD CAT\u00d3LICA BOLIVIANA SEDE LA PLATA \u2013 SUCRE.\t\t\t\t\t<\/a>\n\t\t\t\t<\/h4>\n\t\t\t\n\t\t\t\t\t\t\t\t\n\t\t\n\t\t\t\t\t\t<a class=\"fusion-link-wrapper\" href=\"https:\/\/ucb.edu.bo\/sucre\/adquisicion-e-instalacion-de-cortinas-tipo-eclipse-y-visillos-para-ambientes-de-la-universidad-catolica-boliviana-sede-la-plata-sucre\/\" aria-label=\"ADQUISICI\u00d3N E INSTALACI\u00d3N DE CORTINAS TIPO ECLIPSE Y VISILLOS PARA AMBIENTES  DE LA UNIVERSIDAD CAT\u00d3LICA BOLIVIANA SEDE LA PLATA \u2013 SUCRE.\"><\/a>\n\t<\/div>\n<\/div>\n<\/div>\n<\/li>\n\t\t\t\n\t\t\t\n\t\t\t\t\t\t\t\t\t\t\t\t\t\t\t\t\t\t\t\t\t\t\t\t\t\t\t\t\t\t\t\t\t\t\t\t\t\t\t\t\t\t\t\t\t\t\t\t\t\t\t\t\t\t\t\t\t\t\t\t\t\t\t\t\t\t\t\t<\/ul>\n\t<\/div>\n\t<div class=\"fusion-post-content-wrapper\" style=\"padding:20px 5px 5px 10px;\"><div class=\"fusion-post-content post-content\"><h3 class=\"blog-shortcode-post-title entry-title\"><a href=\"https:\/\/ucb.edu.bo\/sucre\/adquisicion-e-instalacion-de-cortinas-tipo-eclipse-y-visillos-para-ambientes-de-la-universidad-catolica-boliviana-sede-la-plata-sucre\/\">ADQUISICI\u00d3N E INSTALACI\u00d3N DE CORTINAS TIPO ECLIPSE Y VISILLOS PARA AMBIENTES  DE LA UNIVERSIDAD CAT\u00d3LICA BOLIVIANA SEDE LA PLATA \u2013 SUCRE.<\/a><\/h3><\/div><\/div><div class=\"fusion-clearfix\"><\/div><\/div>\n<\/article>\n<article id=\"blog-1-post-40570\" class=\"fusion-post-grid post-40570 post type-post status-publish format-standard has-post-thumbnail hentry category-convocatorias\">\n<div class=\"fusion-post-wrapper\" style=\"background-color:rgba(255,255,255,0);border:1px solid var(--awb-color2);border-bottom-width:3px;\">\n\n\t\t\t<div class=\"fusion-flexslider flexslider fusion-flexslider-loading fusion-post-slideshow\" style=\"border-color:var(--awb-color2);\">\n\t\t<ul class=\"slides\">\n\t\t\t\n\t\t\t\t\t\t\t\t\t\t\t\t\t\t<li><div  class=\"fusion-image-wrapper\" aria-haspopup=\"true\">\n\t\t\t\t<img decoding=\"async\" width=\"2560\" height=\"2146\" src=\"https:\/\/ucb.edu.bo\/sucre\/wp-content\/uploads\/2026\/07\/2-3-scaled.png\" class=\"attachment-full size-full lazyload wp-post-image\" alt=\"\" srcset=\"data:image\/svg+xml,%3Csvg%20xmlns%3D%27http%3A%2F%2Fwww.w3.org%2F2000%2Fsvg%27%20width%3D%272560%27%20height%3D%272146%27%20viewBox%3D%270%200%202560%202146%27%3E%3Crect%20width%3D%272560%27%20height%3D%272146%27%20fill-opacity%3D%220%22%2F%3E%3C%2Fsvg%3E\" data-orig-src=\"https:\/\/ucb.edu.bo\/sucre\/wp-content\/uploads\/2026\/07\/2-3-scaled.png\" data-srcset=\"https:\/\/ucb.edu.bo\/sucre\/wp-content\/uploads\/2026\/07\/2-3-200x168.png 200w, https:\/\/ucb.edu.bo\/sucre\/wp-content\/uploads\/2026\/07\/2-3-400x335.png 400w, https:\/\/ucb.edu.bo\/sucre\/wp-content\/uploads\/2026\/07\/2-3-600x503.png 600w, https:\/\/ucb.edu.bo\/sucre\/wp-content\/uploads\/2026\/07\/2-3-800x671.png 800w, https:\/\/ucb.edu.bo\/sucre\/wp-content\/uploads\/2026\/07\/2-3-1200x1006.png 1200w, https:\/\/ucb.edu.bo\/sucre\/wp-content\/uploads\/2026\/07\/2-3-scaled.png 2560w\" data-sizes=\"auto\" \/><div class=\"fusion-rollover\">\n\t<div class=\"fusion-rollover-content\">\n\n\t\t\t\t\t\t\t\t\t\t\t\t\t\t<a class=\"fusion-rollover-link\" href=\"https:\/\/ucb.edu.bo\/sucre\/convocatoria-publica-n02-2026-docencia-carrera-de-ingenieria-de-sistemas-gestion-2-2026\/\">https:\/\/ucb.edu.bo\/sucre\/convocatoria-publica-n02-2026-docencia-carrera-de-ingenieria-de-sistemas-gestion-2-2026\/<\/a>\n\t\t\t\n\t\t\t\t\t\t\t\t\n\t\t\n\t\t\t\t\t\t\t\t\t\t\t\t<h4 class=\"fusion-rollover-title\">\n\t\t\t\t\t<a class=\"fusion-rollover-title-link\" href=\"https:\/\/ucb.edu.bo\/sucre\/convocatoria-publica-n02-2026-docencia-carrera-de-ingenieria-de-sistemas-gestion-2-2026\/\">\n\t\t\t\t\t\tADQUISICI\u00d3N DE VITRINAS CON ESTRUCTURA DE ALUMINIO Y VIDRIO, PARA LABORATORIOS DE LA CARRERA DE MEDICINA DE LA UCB SEDE ACAD\u00c9MICA LA  PLATA.\t\t\t\t\t<\/a>\n\t\t\t\t<\/h4>\n\t\t\t\n\t\t\t\t\t\t\t\t\n\t\t\n\t\t\t\t\t\t<a class=\"fusion-link-wrapper\" href=\"https:\/\/ucb.edu.bo\/sucre\/convocatoria-publica-n02-2026-docencia-carrera-de-ingenieria-de-sistemas-gestion-2-2026\/\" aria-label=\"ADQUISICI\u00d3N DE VITRINAS CON ESTRUCTURA DE ALUMINIO Y VIDRIO, PARA LABORATORIOS DE LA CARRERA DE MEDICINA DE LA UCB SEDE ACAD\u00c9MICA LA  PLATA.\"><\/a>\n\t<\/div>\n<\/div>\n<\/div>\n<\/li>\n\t\t\t\n\t\t\t\n\t\t\t\t\t\t\t\t\t\t\t\t\t\t\t\t\t\t\t\t\t\t\t\t\t\t\t\t\t\t\t\t\t\t\t\t\t\t\t\t\t\t\t\t\t\t\t\t\t\t\t\t\t\t\t\t\t\t\t\t\t\t\t\t\t\t\t\t<\/ul>\n\t<\/div>\n\t<div class=\"fusion-post-content-wrapper\" style=\"padding:20px 5px 5px 10px;\"><div class=\"fusion-post-content post-content\"><h3 class=\"blog-shortcode-post-title entry-title\"><a href=\"https:\/\/ucb.edu.bo\/sucre\/adquisicion-de-vitrinas-con-estructura-de-aluminio-y-vidrio-para-laboratorios-de-la-carrera-de-medicina-de-la-ucb-sede-academica-la-plata\/\">ADQUISICI\u00d3N DE VITRINAS CON ESTRUCTURA DE ALUMINIO Y VIDRIO, PARA LABORATORIOS DE LA CARRERA DE MEDICINA DE LA UCB SEDE ACAD\u00c9MICA LA  PLATA.<\/a><\/h3><\/div><\/div><div class=\"fusion-clearfix\"><\/div><\/div>\n<\/article>\n<div class=\"fusion-clearfix\"><\/div><\/div><div class=\"pagination clearfix\"><span class=\"current\">1<\/span><a href=\"https:\/\/ucb.edu.bo\/sucre\/wp-json\/wp\/v2\/pages\/37986\/page\/2\/\" class=\"inactive\">2<\/a><a class=\"pagination-next\" rel=\"next\" href=\"https:\/\/ucb.edu.bo\/sucre\/wp-json\/wp\/v2\/pages\/37986\/page\/2\/\"><span class=\"page-text\">Siguiente<\/span><span class=\"page-next\"><\/span><\/a><\/div><div class=\"fusion-clearfix\"><\/div><\/div><\/div><\/div><\/div><\/div>\n","protected":false},"excerpt":{"rendered":"","protected":false},"author":1,"featured_media":0,"parent":0,"menu_order":0,"comment_status":"closed","ping_status":"closed","template":"100-width.php","meta":{"inline_featured_image":false,"_joinchat":[],"footnotes":"","_links_to":"","_links_to_target":""},"class_list":["post-37986","page","type-page","status-publish","hentry"],"_links":{"self":[{"href":"https:\/\/ucb.edu.bo\/sucre\/wp-json\/wp\/v2\/pages\/37986","targetHints":{"allow":["GET"]}}],"collection":[{"href":"https:\/\/ucb.edu.bo\/sucre\/wp-json\/wp\/v2\/pages"}],"about":[{"href":"https:\/\/ucb.edu.bo\/sucre\/wp-json\/wp\/v2\/types\/page"}],"author":[{"embeddable":true,"href":"https:\/\/ucb.edu.bo\/sucre\/wp-json\/wp\/v2\/users\/1"}],"replies":[{"embeddable":true,"href":"https:\/\/ucb.edu.bo\/sucre\/wp-json\/wp\/v2\/comments?post=37986"}],"version-history":[{"count":8,"href":"https:\/\/ucb.edu.bo\/sucre\/wp-json\/wp\/v2\/pages\/37986\/revisions"}],"predecessor-version":[{"id":39838,"href":"https:\/\/ucb.edu.bo\/sucre\/wp-json\/wp\/v2\/pages\/37986\/revisions\/39838"}],"wp:attachment":[{"href":"https:\/\/ucb.edu.bo\/sucre\/wp-json\/wp\/v2\/media?parent=37986"}],"curies":[{"name":"wp","href":"https:\/\/api.w.org\/{rel}","templated":true}]}}